{"id":157,"date":"2022-07-20T11:19:54","date_gmt":"2022-07-20T16:19:54","guid":{"rendered":"https:\/\/formacioncontinua.consejodecomunicacion.gob.ec\/?page_id=157"},"modified":"2026-01-15T08:49:52","modified_gmt":"2026-01-15T13:49:52","slug":"registro","status":"publish","type":"page","link":"https:\/\/formacioncontinua.consejodecomunicacion.gob.ec\/index.php\/registro\/","title":{"rendered":"Registro"},"content":{"rendered":"\t\t<div data-elementor-type=\"wp-page\" data-elementor-id=\"157\" class=\"elementor elementor-157\" data-elementor-post-type=\"page\">\n\t\t\t\t\t\t<header class=\"elementor-section elementor-top-section elementor-element elementor-element-ca71fc7 elementor-section-content-middle elementor-section-boxed elementor-section-height-default elementor-section-height-default\" data-id=\"ca71fc7\" data-element_type=\"section\" data-e-type=\"section\" data-settings=\"{&quot;background_background&quot;:&quot;classic&quot;,&quot;sticky&quot;:&quot;top&quot;,&quot;sticky_on&quot;:[&quot;desktop&quot;,&quot;tablet&quot;,&quot;mobile&quot;],&quot;sticky_offset&quot;:0,&quot;sticky_effects_offset&quot;:0,&quot;sticky_anchor_link_offset&quot;:0}\">\n\t\t\t\t\t\t<div class=\"elementor-container elementor-column-gap-no\">\n\t\t\t\t\t<div class=\"elementor-column elementor-col-25 elementor-top-column elementor-element elementor-element-b9b5b77\" data-id=\"b9b5b77\" data-element_type=\"column\" data-e-type=\"column\">\n\t\t\t<div class=\"elementor-widget-wrap elementor-element-populated\">\n\t\t\t\t\t\t<div class=\"elementor-element elementor-element-44ad3d4 elementor-widget elementor-widget-theme-site-logo elementor-widget-image\" data-id=\"44ad3d4\" data-element_type=\"widget\" data-e-type=\"widget\" data-widget_type=\"theme-site-logo.default\">\n\t\t\t\t<div class=\"elementor-widget-container\">\n\t\t\t\t\t\t\t\t\t\t\t<a href=\"https:\/\/formacioncontinua.consejodecomunicacion.gob.ec\">\n\t\t\t<img fetchpriority=\"high\" decoding=\"async\" width=\"502\" height=\"261\" src=\"https:\/\/formacioncontinua.consejodecomunicacion.gob.ec\/wp-content\/uploads\/2025\/06\/Id_plataforma_1.png\" class=\"attachment-full size-full wp-image-2693\" alt=\"\" srcset=\"https:\/\/formacioncontinua.consejodecomunicacion.gob.ec\/wp-content\/uploads\/2025\/06\/Id_plataforma_1.png 502w, https:\/\/formacioncontinua.consejodecomunicacion.gob.ec\/wp-content\/uploads\/2025\/06\/Id_plataforma_1-300x156.png 300w\" sizes=\"(max-width: 502px) 100vw, 502px\" \/>\t\t\t\t<\/a>\n\t\t\t\t\t\t\t\t\t\t\t<\/div>\n\t\t\t\t<\/div>\n\t\t\t\t\t<\/div>\n\t\t<\/div>\n\t\t\t\t<div class=\"elementor-column elementor-col-50 elementor-top-column elementor-element elementor-element-53fb98b\" data-id=\"53fb98b\" data-element_type=\"column\" data-e-type=\"column\">\n\t\t\t<div class=\"elementor-widget-wrap elementor-element-populated\">\n\t\t\t\t\t\t<div class=\"elementor-element elementor-element-f539dda elementor-nav-menu__align-justify elementor-nav-menu--stretch elementor-widget__width-initial elementor-nav-menu--dropdown-tablet elementor-nav-menu__text-align-aside elementor-nav-menu--toggle elementor-nav-menu--burger elementor-widget elementor-widget-nav-menu\" data-id=\"f539dda\" data-element_type=\"widget\" data-e-type=\"widget\" data-settings=\"{&quot;full_width&quot;:&quot;stretch&quot;,&quot;layout&quot;:&quot;horizontal&quot;,&quot;submenu_icon&quot;:{&quot;value&quot;:&quot;&lt;i class=\\&quot;fas fa-caret-down\\&quot;&gt;&lt;\\\/i&gt;&quot;,&quot;library&quot;:&quot;fa-solid&quot;},&quot;toggle&quot;:&quot;burger&quot;}\" data-widget_type=\"nav-menu.default\">\n\t\t\t\t<div class=\"elementor-widget-container\">\n\t\t\t\t\t\t\t\t<nav aria-label=\"Menu\" class=\"elementor-nav-menu--main elementor-nav-menu__container elementor-nav-menu--layout-horizontal e--pointer-underline e--animation-slide\">\n\t\t\t\t<ul id=\"menu-1-f539dda\" class=\"elementor-nav-menu\"><li class=\"menu-item menu-item-type-post_type menu-item-object-page menu-item-home menu-item-126\"><a href=\"https:\/\/formacioncontinua.consejodecomunicacion.gob.ec\/\" class=\"elementor-item menu-link\">inicio<\/a><\/li>\n<li class=\"menu-item menu-item-type-custom menu-item-object-custom menu-item-home menu-item-has-children menu-item-374\"><a href=\"https:\/\/formacioncontinua.consejodecomunicacion.gob.ec\/#cursos_plataforma\" class=\"elementor-item elementor-item-anchor menu-link\">Cursos virtuales<span role=\"presentation\" class=\"dropdown-menu-toggle\" ><\/span><\/a>\n<ul class=\"sub-menu elementor-nav-menu--dropdown\">\n\t<li class=\"menu-item menu-item-type-post_type menu-item-object-page menu-item-612\"><a href=\"https:\/\/formacioncontinua.consejodecomunicacion.gob.ec\/index.php\/locucion\/\" class=\"elementor-sub-item menu-link\">Locuci\u00f3n<\/a><\/li>\n\t<li class=\"menu-item menu-item-type-post_type menu-item-object-page menu-item-611\"><a href=\"https:\/\/formacioncontinua.consejodecomunicacion.gob.ec\/index.php\/camarografo\/\" class=\"elementor-sub-item menu-link\">Camar\u00f3grafo<\/a><\/li>\n\t<li class=\"menu-item menu-item-type-post_type menu-item-object-page menu-item-613\"><a href=\"https:\/\/formacioncontinua.consejodecomunicacion.gob.ec\/index.php\/fotografia\/\" class=\"elementor-sub-item menu-link\">Fotograf\u00eda<\/a><\/li>\n\t<li class=\"menu-item menu-item-type-post_type menu-item-object-page menu-item-610\"><a href=\"https:\/\/formacioncontinua.consejodecomunicacion.gob.ec\/index.php\/representacion\/\" class=\"elementor-sub-item menu-link\">Representacion<\/a><\/li>\n\t<li class=\"menu-item menu-item-type-post_type menu-item-object-page menu-item-614\"><a href=\"https:\/\/formacioncontinua.consejodecomunicacion.gob.ec\/index.php\/mujeres-libres\/\" class=\"elementor-sub-item menu-link\">Mujeres libres<\/a><\/li>\n\t<li class=\"menu-item menu-item-type-post_type menu-item-object-page menu-item-615\"><a href=\"https:\/\/formacioncontinua.consejodecomunicacion.gob.ec\/index.php\/periodismo-judicial\/\" class=\"elementor-sub-item menu-link\">Periodismo judicial<\/a><\/li>\n\t<li class=\"menu-item menu-item-type-post_type menu-item-object-page menu-item-616\"><a href=\"https:\/\/formacioncontinua.consejodecomunicacion.gob.ec\/index.php\/ninez\/\" class=\"elementor-sub-item menu-link\">Ni\u00f1ez<\/a><\/li>\n\t<li class=\"menu-item menu-item-type-post_type menu-item-object-page menu-item-617\"><a href=\"https:\/\/formacioncontinua.consejodecomunicacion.gob.ec\/index.php\/audiencias-criticas\/\" class=\"elementor-sub-item menu-link\">Audiencias cr\u00edticas<\/a><\/li>\n\t<li class=\"menu-item menu-item-type-post_type menu-item-object-page menu-item-618\"><a href=\"https:\/\/formacioncontinua.consejodecomunicacion.gob.ec\/index.php\/movilidad-humana\/\" class=\"elementor-sub-item menu-link\">Movilidad humana<\/a><\/li>\n\t<li class=\"menu-item menu-item-type-post_type menu-item-object-page menu-item-619\"><a href=\"https:\/\/formacioncontinua.consejodecomunicacion.gob.ec\/index.php\/medios-digitales\/\" class=\"elementor-sub-item menu-link\">Medios digitales<\/a><\/li>\n\t<li class=\"menu-item menu-item-type-post_type menu-item-object-page menu-item-620\"><a href=\"https:\/\/formacioncontinua.consejodecomunicacion.gob.ec\/index.php\/agentes-de-igualdad\/\" class=\"elementor-sub-item menu-link\">Agentes de igualdad<\/a><\/li>\n<\/ul>\n<\/li>\n<li class=\"menu-item menu-item-type-custom menu-item-object-custom menu-item-home menu-item-has-children menu-item-2318\"><a href=\"https:\/\/formacioncontinua.consejodecomunicacion.gob.ec\/#asistenciastecnicas\" class=\"elementor-item elementor-item-anchor menu-link\">Asistencias t\u00e9cnicas<span role=\"presentation\" class=\"dropdown-menu-toggle\" ><\/span><\/a>\n<ul class=\"sub-menu elementor-nav-menu--dropdown\">\n\t<li class=\"menu-item menu-item-type-custom menu-item-object-custom menu-item-2648\"><a href=\"https:\/\/formacioncontinua.consejodecomunicacion.gob.ec\/index.php\/seguridad-y-proteccion-informacion\/\" class=\"elementor-sub-item menu-link\">Seguridad y protecci\u00f3n en el trabajo period\u00edstico<\/a><\/li>\n\t<li class=\"menu-item menu-item-type-custom menu-item-object-custom menu-item-2649\"><a href=\"https:\/\/formacioncontinua.consejodecomunicacion.gob.ec\/index.php\/taller-basico-de-locucion-y-presentacion-en-radio-y-television\/\" class=\"elementor-sub-item menu-link\">Taller b\u00e1sico de locuci\u00f3n y presentaci\u00f3n en radio y televisi\u00f3n<\/a><\/li>\n<\/ul>\n<\/li>\n<li class=\"menu-item menu-item-type-custom menu-item-object-custom menu-item-375\"><a href=\"https:\/\/formacioncontinua.consejodecomunicacion.gob.ec\/index.php\/preguntas-frecuentes\/\" class=\"elementor-item menu-link\">Preguntas frecuentes<\/a><\/li>\n<li class=\"menu-item menu-item-type-custom menu-item-object-custom menu-item-1944\"><a href=\"https:\/\/formacioncontinua.consejodecomunicacion.gob.ec\/index.php\/registro\/#calendariocursos\" class=\"elementor-item elementor-item-anchor menu-link\">Calendario<\/a><\/li>\n<li class=\"menu-item menu-item-type-post_type menu-item-object-page menu-item-158\"><a href=\"https:\/\/formacioncontinua.consejodecomunicacion.gob.ec\/index.php\/registro\/\" class=\"elementor-item menu-link\">Registro<\/a><\/li>\n<\/ul>\t\t\t<\/nav>\n\t\t\t\t\t<div class=\"elementor-menu-toggle\" role=\"button\" tabindex=\"0\" aria-label=\"Menu Toggle\" aria-expanded=\"false\">\n\t\t\t<i aria-hidden=\"true\" role=\"presentation\" class=\"elementor-menu-toggle__icon--open eicon-menu-bar\"><\/i><i aria-hidden=\"true\" role=\"presentation\" class=\"elementor-menu-toggle__icon--close eicon-close\"><\/i>\t\t<\/div>\n\t\t\t\t\t<nav class=\"elementor-nav-menu--dropdown elementor-nav-menu__container\" aria-hidden=\"true\">\n\t\t\t\t<ul id=\"menu-2-f539dda\" class=\"elementor-nav-menu\"><li class=\"menu-item menu-item-type-post_type menu-item-object-page menu-item-home menu-item-126\"><a href=\"https:\/\/formacioncontinua.consejodecomunicacion.gob.ec\/\" class=\"elementor-item menu-link\" tabindex=\"-1\">inicio<\/a><\/li>\n<li class=\"menu-item menu-item-type-custom menu-item-object-custom menu-item-home menu-item-has-children menu-item-374\"><a href=\"https:\/\/formacioncontinua.consejodecomunicacion.gob.ec\/#cursos_plataforma\" class=\"elementor-item elementor-item-anchor menu-link\" tabindex=\"-1\">Cursos virtuales<span role=\"presentation\" class=\"dropdown-menu-toggle\" ><\/span><\/a>\n<ul class=\"sub-menu elementor-nav-menu--dropdown\">\n\t<li class=\"menu-item menu-item-type-post_type menu-item-object-page menu-item-612\"><a href=\"https:\/\/formacioncontinua.consejodecomunicacion.gob.ec\/index.php\/locucion\/\" class=\"elementor-sub-item menu-link\" tabindex=\"-1\">Locuci\u00f3n<\/a><\/li>\n\t<li class=\"menu-item menu-item-type-post_type menu-item-object-page menu-item-611\"><a href=\"https:\/\/formacioncontinua.consejodecomunicacion.gob.ec\/index.php\/camarografo\/\" class=\"elementor-sub-item menu-link\" tabindex=\"-1\">Camar\u00f3grafo<\/a><\/li>\n\t<li class=\"menu-item menu-item-type-post_type menu-item-object-page menu-item-613\"><a href=\"https:\/\/formacioncontinua.consejodecomunicacion.gob.ec\/index.php\/fotografia\/\" class=\"elementor-sub-item menu-link\" tabindex=\"-1\">Fotograf\u00eda<\/a><\/li>\n\t<li class=\"menu-item menu-item-type-post_type menu-item-object-page menu-item-610\"><a href=\"https:\/\/formacioncontinua.consejodecomunicacion.gob.ec\/index.php\/representacion\/\" class=\"elementor-sub-item menu-link\" tabindex=\"-1\">Representacion<\/a><\/li>\n\t<li class=\"menu-item menu-item-type-post_type menu-item-object-page menu-item-614\"><a href=\"https:\/\/formacioncontinua.consejodecomunicacion.gob.ec\/index.php\/mujeres-libres\/\" class=\"elementor-sub-item menu-link\" tabindex=\"-1\">Mujeres libres<\/a><\/li>\n\t<li class=\"menu-item menu-item-type-post_type menu-item-object-page menu-item-615\"><a href=\"https:\/\/formacioncontinua.consejodecomunicacion.gob.ec\/index.php\/periodismo-judicial\/\" class=\"elementor-sub-item menu-link\" tabindex=\"-1\">Periodismo judicial<\/a><\/li>\n\t<li class=\"menu-item menu-item-type-post_type menu-item-object-page menu-item-616\"><a href=\"https:\/\/formacioncontinua.consejodecomunicacion.gob.ec\/index.php\/ninez\/\" class=\"elementor-sub-item menu-link\" tabindex=\"-1\">Ni\u00f1ez<\/a><\/li>\n\t<li class=\"menu-item menu-item-type-post_type menu-item-object-page menu-item-617\"><a href=\"https:\/\/formacioncontinua.consejodecomunicacion.gob.ec\/index.php\/audiencias-criticas\/\" class=\"elementor-sub-item menu-link\" tabindex=\"-1\">Audiencias cr\u00edticas<\/a><\/li>\n\t<li class=\"menu-item menu-item-type-post_type menu-item-object-page menu-item-618\"><a href=\"https:\/\/formacioncontinua.consejodecomunicacion.gob.ec\/index.php\/movilidad-humana\/\" class=\"elementor-sub-item menu-link\" tabindex=\"-1\">Movilidad humana<\/a><\/li>\n\t<li class=\"menu-item menu-item-type-post_type menu-item-object-page menu-item-619\"><a href=\"https:\/\/formacioncontinua.consejodecomunicacion.gob.ec\/index.php\/medios-digitales\/\" class=\"elementor-sub-item menu-link\" tabindex=\"-1\">Medios digitales<\/a><\/li>\n\t<li class=\"menu-item menu-item-type-post_type menu-item-object-page menu-item-620\"><a href=\"https:\/\/formacioncontinua.consejodecomunicacion.gob.ec\/index.php\/agentes-de-igualdad\/\" class=\"elementor-sub-item menu-link\" tabindex=\"-1\">Agentes de igualdad<\/a><\/li>\n<\/ul>\n<\/li>\n<li class=\"menu-item menu-item-type-custom menu-item-object-custom menu-item-home menu-item-has-children menu-item-2318\"><a href=\"https:\/\/formacioncontinua.consejodecomunicacion.gob.ec\/#asistenciastecnicas\" class=\"elementor-item elementor-item-anchor menu-link\" tabindex=\"-1\">Asistencias t\u00e9cnicas<span role=\"presentation\" class=\"dropdown-menu-toggle\" ><\/span><\/a>\n<ul class=\"sub-menu elementor-nav-menu--dropdown\">\n\t<li class=\"menu-item menu-item-type-custom menu-item-object-custom menu-item-2648\"><a href=\"https:\/\/formacioncontinua.consejodecomunicacion.gob.ec\/index.php\/seguridad-y-proteccion-informacion\/\" class=\"elementor-sub-item menu-link\" tabindex=\"-1\">Seguridad y protecci\u00f3n en el trabajo period\u00edstico<\/a><\/li>\n\t<li class=\"menu-item menu-item-type-custom menu-item-object-custom menu-item-2649\"><a href=\"https:\/\/formacioncontinua.consejodecomunicacion.gob.ec\/index.php\/taller-basico-de-locucion-y-presentacion-en-radio-y-television\/\" class=\"elementor-sub-item menu-link\" tabindex=\"-1\">Taller b\u00e1sico de locuci\u00f3n y presentaci\u00f3n en radio y televisi\u00f3n<\/a><\/li>\n<\/ul>\n<\/li>\n<li class=\"menu-item menu-item-type-custom menu-item-object-custom menu-item-375\"><a href=\"https:\/\/formacioncontinua.consejodecomunicacion.gob.ec\/index.php\/preguntas-frecuentes\/\" class=\"elementor-item menu-link\" tabindex=\"-1\">Preguntas frecuentes<\/a><\/li>\n<li class=\"menu-item menu-item-type-custom menu-item-object-custom menu-item-1944\"><a href=\"https:\/\/formacioncontinua.consejodecomunicacion.gob.ec\/index.php\/registro\/#calendariocursos\" class=\"elementor-item elementor-item-anchor menu-link\" tabindex=\"-1\">Calendario<\/a><\/li>\n<li class=\"menu-item menu-item-type-post_type menu-item-object-page menu-item-158\"><a href=\"https:\/\/formacioncontinua.consejodecomunicacion.gob.ec\/index.php\/registro\/\" class=\"elementor-item menu-link\" tabindex=\"-1\">Registro<\/a><\/li>\n<\/ul>\t\t\t<\/nav>\n\t\t\t\t\t\t<\/div>\n\t\t\t\t<\/div>\n\t\t\t\t\t<\/div>\n\t\t<\/div>\n\t\t\t\t<div class=\"elementor-column elementor-col-25 elementor-top-column elementor-element elementor-element-0aa2cee\" data-id=\"0aa2cee\" data-element_type=\"column\" data-e-type=\"column\">\n\t\t\t<div class=\"elementor-widget-wrap elementor-element-populated\">\n\t\t\t\t\t\t<div class=\"elementor-element elementor-element-2e67f8d elementor-align-center elementor-widget elementor-widget-button\" data-id=\"2e67f8d\" data-element_type=\"widget\" data-e-type=\"widget\" data-widget_type=\"button.default\">\n\t\t\t\t<div class=\"elementor-widget-container\">\n\t\t\t\t\t\t\t\t\t<div class=\"elementor-button-wrapper\">\n\t\t\t\t\t<a class=\"elementor-button elementor-button-link elementor-size-sm\" href=\"https:\/\/plataformavirtual.consejodecomunicacion.gob.ec\/login\/index.php\" target=\"_blank\">\n\t\t\t\t\t\t<span class=\"elementor-button-content-wrapper\">\n\t\t\t\t\t\t\t\t\t<span class=\"elementor-button-text\">Ir a la plataforma<\/span>\n\t\t\t\t\t<\/span>\n\t\t\t\t\t<\/a>\n\t\t\t\t<\/div>\n\t\t\t\t\t\t\t\t<\/div>\n\t\t\t\t<\/div>\n\t\t\t\t\t<\/div>\n\t\t<\/div>\n\t\t\t\t\t<\/div>\n\t\t<\/header>\n\t\t\t\t<section class=\"elementor-section elementor-top-section elementor-element elementor-element-fd11442 elementor-section-boxed elementor-section-height-default elementor-section-height-default\" data-id=\"fd11442\" data-element_type=\"section\" data-e-type=\"section\" data-settings=\"{&quot;background_background&quot;:&quot;classic&quot;}\">\n\t\t\t\t\t\t\t<div class=\"elementor-background-overlay\"><\/div>\n\t\t\t\t\t\t\t<div class=\"elementor-container elementor-column-gap-default\">\n\t\t\t\t\t<div class=\"elementor-column elementor-col-100 elementor-top-column elementor-element elementor-element-e94aef0\" data-id=\"e94aef0\" data-element_type=\"column\" data-e-type=\"column\">\n\t\t\t<div class=\"elementor-widget-wrap elementor-element-populated\">\n\t\t\t\t\t\t<div class=\"elementor-element elementor-element-4a0e5a3 elementor-widget elementor-widget-spacer\" data-id=\"4a0e5a3\" data-element_type=\"widget\" data-e-type=\"widget\" data-widget_type=\"spacer.default\">\n\t\t\t\t<div class=\"elementor-widget-container\">\n\t\t\t\t\t\t\t<div class=\"elementor-spacer\">\n\t\t\t<div class=\"elementor-spacer-inner\"><\/div>\n\t\t<\/div>\n\t\t\t\t\t\t<\/div>\n\t\t\t\t<\/div>\n\t\t\t\t<div class=\"elementor-element elementor-element-19c9a2a elementor-widget elementor-widget-heading\" data-id=\"19c9a2a\" data-element_type=\"widget\" data-e-type=\"widget\" data-widget_type=\"heading.default\">\n\t\t\t\t<div class=\"elementor-widget-container\">\n\t\t\t\t\t<h1 class=\"elementor-heading-title elementor-size-default\">Formulario de registro<\/h1>\t\t\t\t<\/div>\n\t\t\t\t<\/div>\n\t\t\t\t<section class=\"elementor-section elementor-inner-section elementor-element elementor-element-65c36db elementor-section-boxed elementor-section-height-default elementor-section-height-default\" data-id=\"65c36db\" data-element_type=\"section\" data-e-type=\"section\">\n\t\t\t\t\t\t<div class=\"elementor-container elementor-column-gap-default\">\n\t\t\t\t\t<div class=\"elementor-column elementor-col-50 elementor-inner-column elementor-element elementor-element-62376d7\" data-id=\"62376d7\" data-element_type=\"column\" data-e-type=\"column\">\n\t\t\t<div class=\"elementor-widget-wrap elementor-element-populated\">\n\t\t\t\t\t\t<div class=\"elementor-element elementor-element-f882f1e elementor-widget__width-initial elementor-widget elementor-widget-image\" data-id=\"f882f1e\" data-element_type=\"widget\" data-e-type=\"widget\" data-widget_type=\"image.default\">\n\t\t\t\t<div class=\"elementor-widget-container\">\n\t\t\t\t\t\t\t\t\t\t\t\t\t\t\t<img decoding=\"async\" width=\"776\" height=\"741\" src=\"https:\/\/formacioncontinua.consejodecomunicacion.gob.ec\/wp-content\/uploads\/2025\/01\/registro_1.png\" class=\"attachment-large size-large wp-image-2176\" alt=\"\" srcset=\"https:\/\/formacioncontinua.consejodecomunicacion.gob.ec\/wp-content\/uploads\/2025\/01\/registro_1.png 776w, https:\/\/formacioncontinua.consejodecomunicacion.gob.ec\/wp-content\/uploads\/2025\/01\/registro_1-300x286.png 300w, https:\/\/formacioncontinua.consejodecomunicacion.gob.ec\/wp-content\/uploads\/2025\/01\/registro_1-768x733.png 768w\" sizes=\"(max-width: 776px) 100vw, 776px\" \/>\t\t\t\t\t\t\t\t\t\t\t\t\t\t\t<\/div>\n\t\t\t\t<\/div>\n\t\t\t\t\t<\/div>\n\t\t<\/div>\n\t\t\t\t<div class=\"elementor-column elementor-col-50 elementor-inner-column elementor-element elementor-element-c415cf7\" data-id=\"c415cf7\" data-element_type=\"column\" data-e-type=\"column\">\n\t\t\t<div class=\"elementor-widget-wrap elementor-element-populated\">\n\t\t\t\t\t\t<div class=\"elementor-element elementor-element-8a88d4b elementor-widget elementor-widget-text-editor\" data-id=\"8a88d4b\" data-element_type=\"widget\" data-e-type=\"widget\" data-widget_type=\"text-editor.default\">\n\t\t\t\t<div class=\"elementor-widget-container\">\n\t\t\t\t\t\t\t\t\t<p>Antes de registrarte, verifica las fechas importantes<\/p><ol><li><strong>Revisa el periodo de inscripci\u00f3n:<\/strong> Aseg\u00farate de que las inscripciones para el curso de tu inter\u00e9s est\u00e9n abiertas antes de registrarte.<\/li><li><strong>Fechas de inicio del curso:<\/strong> La fecha de inicio de cada curso se mostrar\u00e1 durante el proceso de registro. Esta fecha tambi\u00e9n marca el d\u00eda en que recibir\u00e1s tus claves de acceso a la plataforma.<\/li><li><strong>Preguntas:<\/strong> Si tienes dudas revisa nuestra secci\u00f3n de <span style=\"color: #d6006d;\"><a style=\"color: #d6006d;\" href=\"https:\/\/formacioncontinua.consejodecomunicacion.gob.ec\/index.php\/preguntas-frecuentes\/\" target=\"_blank\" rel=\"noopener\"><strong>preguntas frecuentes<\/strong>.<\/a><\/span><\/li><\/ol>\t\t\t\t\t\t\t\t<\/div>\n\t\t\t\t<\/div>\n\t\t\t\t\t<\/div>\n\t\t<\/div>\n\t\t\t\t\t<\/div>\n\t\t<\/section>\n\t\t\t\t<div class=\"elementor-element elementor-element-4e747ae elementor-widget elementor-widget-text-editor\" data-id=\"4e747ae\" data-element_type=\"widget\" data-e-type=\"widget\" data-widget_type=\"text-editor.default\">\n\t\t\t\t<div class=\"elementor-widget-container\">\n\t\t\t\t\t\t\t\t\t<h5><span style=\"color: #1680be;\"><strong>\u00a1Importante!<\/strong><\/span><\/h5><p>Revisa regularmente tu bandeja de entrada y la carpeta de spam para asegurarte de recibir las instrucciones generales del curso. Los cursos comenzar\u00e1n \u00fanicamente en las fechas especificadas durante el registro.<\/p>\t\t\t\t\t\t\t\t<\/div>\n\t\t\t\t<\/div>\n\t\t\t\t\t<\/div>\n\t\t<\/div>\n\t\t\t\t\t<\/div>\n\t\t<\/section>\n\t\t\t\t<section class=\"elementor-section elementor-top-section elementor-element elementor-element-1a7f99e elementor-section-boxed elementor-section-height-default elementor-section-height-default\" data-id=\"1a7f99e\" data-element_type=\"section\" data-e-type=\"section\" data-settings=\"{&quot;background_background&quot;:&quot;classic&quot;}\">\n\t\t\t\t\t\t\t<div class=\"elementor-background-overlay\"><\/div>\n\t\t\t\t\t\t\t<div class=\"elementor-container elementor-column-gap-default\">\n\t\t\t\t\t<div class=\"elementor-column elementor-col-100 elementor-top-column elementor-element elementor-element-bfe02fe\" data-id=\"bfe02fe\" data-element_type=\"column\" data-e-type=\"column\">\n\t\t\t<div class=\"elementor-widget-wrap elementor-element-populated\">\n\t\t\t\t\t\t<div class=\"elementor-element elementor-element-b035591 elementor-widget elementor-widget-html\" data-id=\"b035591\" data-element_type=\"widget\" data-e-type=\"widget\" data-widget_type=\"html.default\">\n\t\t\t\t<div class=\"elementor-widget-container\">\n\t\t\t\t\t<embed src=\"https:\/\/forms.zohopublic.com\/consejodecomunicacin\/form\/Formularioderegistro\/formperma\/R1ARC2Qx25dyU6zsUF5F_qM44p87rMrIgvXhD5nP5ww\" width=\"1000%\" height=\"850px\"<\/embed>  \t\t\t\t<\/div>\n\t\t\t\t<\/div>\n\t\t\t\t\t<\/div>\n\t\t<\/div>\n\t\t\t\t\t<\/div>\n\t\t<\/section>\n\t\t\t\t<section class=\"elementor-section elementor-top-section elementor-element elementor-element-7ca8bbf elementor-hidden-desktop elementor-hidden-tablet elementor-hidden-mobile elementor-section-boxed elementor-section-height-default elementor-section-height-default\" data-id=\"7ca8bbf\" data-element_type=\"section\" data-e-type=\"section\">\n\t\t\t\t\t\t<div class=\"elementor-container elementor-column-gap-default\">\n\t\t\t\t\t<div class=\"elementor-column elementor-col-100 elementor-top-column elementor-element elementor-element-6b3505c\" data-id=\"6b3505c\" data-element_type=\"column\" data-e-type=\"column\">\n\t\t\t<div class=\"elementor-widget-wrap elementor-element-populated\">\n\t\t\t\t\t\t<div class=\"elementor-element elementor-element-af068dc elementor-widget elementor-widget-spacer\" data-id=\"af068dc\" data-element_type=\"widget\" data-e-type=\"widget\" data-widget_type=\"spacer.default\">\n\t\t\t\t<div class=\"elementor-widget-container\">\n\t\t\t\t\t\t\t<div class=\"elementor-spacer\">\n\t\t\t<div class=\"elementor-spacer-inner\"><\/div>\n\t\t<\/div>\n\t\t\t\t\t\t<\/div>\n\t\t\t\t<\/div>\n\t\t\t\t<div class=\"elementor-element elementor-element-a0289fd elementor-widget elementor-widget-heading\" data-id=\"a0289fd\" data-element_type=\"widget\" data-e-type=\"widget\" id=\"calendariocursos\" data-widget_type=\"heading.default\">\n\t\t\t\t<div class=\"elementor-widget-container\">\n\t\t\t\t\t<h2 class=\"elementor-heading-title elementor-size-default\">Calendario de inscripciones y cursos<\/h2>\t\t\t\t<\/div>\n\t\t\t\t<\/div>\n\t\t\t\t<div class=\"elementor-element elementor-element-092e8f9 elementor-widget elementor-widget-text-editor\" data-id=\"092e8f9\" data-element_type=\"widget\" data-e-type=\"widget\" data-widget_type=\"text-editor.default\">\n\t\t\t\t<div class=\"elementor-widget-container\">\n\t\t\t\t\t\t\t\t\t<p>Las inscripciones cierran seg\u00fan las fechas establecidas, as\u00ed que inscr\u00edbete a tiempo. Una vez registrado, recibir\u00e1s un mensaje con los detalles del curso. Luego, espera el mensaje de inicio en la fecha programada.<\/p>\t\t\t\t\t\t\t\t<\/div>\n\t\t\t\t<\/div>\n\t\t\t\t<div class=\"elementor-element elementor-element-9e7b90a elementor-widget elementor-widget-html\" data-id=\"9e7b90a\" data-element_type=\"widget\" data-e-type=\"widget\" data-widget_type=\"html.default\">\n\t\t\t\t<div class=\"elementor-widget-container\">\n\t\t\t\t\t<iframe src=\"https:\/\/calendar.google.com\/calendar\/embed?height=600&wkst=1&ctz=America%2FGuayaquil&showPrint=0&showCalendars=0&showTitle=0&title=Oferta%20cursos&src=cGxhdGFmb3JtYS52aXJ0dWFsLmNvbnNlam9AZ21haWwuY29t&src=ZXMuZWMjaG9saWRheUBncm91cC52LmNhbGVuZGFyLmdvb2dsZS5jb20&color=%23039BE5&color=%230B8043\" style=\"border-width:0\" width=\"800\" height=\"600\" frameborder=\"0\" scrolling=\"no\"><\/iframe>\t\t\t\t<\/div>\n\t\t\t\t<\/div>\n\t\t\t\t<div class=\"elementor-element elementor-element-5dbc3b8 elementor-widget elementor-widget-spacer\" data-id=\"5dbc3b8\" data-element_type=\"widget\" data-e-type=\"widget\" data-widget_type=\"spacer.default\">\n\t\t\t\t<div class=\"elementor-widget-container\">\n\t\t\t\t\t\t\t<div class=\"elementor-spacer\">\n\t\t\t<div class=\"elementor-spacer-inner\"><\/div>\n\t\t<\/div>\n\t\t\t\t\t\t<\/div>\n\t\t\t\t<\/div>\n\t\t\t\t\t<\/div>\n\t\t<\/div>\n\t\t\t\t\t<\/div>\n\t\t<\/section>\n\t\t\t\t<section class=\"elementor-section elementor-top-section elementor-element elementor-element-3d57693 elementor-section-boxed elementor-section-height-default elementor-section-height-default\" data-id=\"3d57693\" data-element_type=\"section\" data-e-type=\"section\" data-settings=\"{&quot;background_background&quot;:&quot;classic&quot;}\">\n\t\t\t\t\t\t<div class=\"elementor-container elementor-column-gap-default\">\n\t\t\t\t\t<div class=\"elementor-column elementor-col-100 elementor-top-column elementor-element elementor-element-a3e083f\" data-id=\"a3e083f\" data-element_type=\"column\" data-e-type=\"column\">\n\t\t\t<div class=\"elementor-widget-wrap elementor-element-populated\">\n\t\t\t\t\t\t<div class=\"elementor-element elementor-element-8862d6f elementor-widget elementor-widget-spacer\" data-id=\"8862d6f\" data-element_type=\"widget\" data-e-type=\"widget\" data-widget_type=\"spacer.default\">\n\t\t\t\t<div class=\"elementor-widget-container\">\n\t\t\t\t\t\t\t<div class=\"elementor-spacer\">\n\t\t\t<div class=\"elementor-spacer-inner\"><\/div>\n\t\t<\/div>\n\t\t\t\t\t\t<\/div>\n\t\t\t\t<\/div>\n\t\t\t\t<section class=\"elementor-section elementor-inner-section elementor-element elementor-element-f82c52a elementor-section-boxed elementor-section-height-default elementor-section-height-default\" data-id=\"f82c52a\" data-element_type=\"section\" data-e-type=\"section\">\n\t\t\t\t\t\t<div class=\"elementor-container elementor-column-gap-default\">\n\t\t\t\t\t<div class=\"elementor-column elementor-col-33 elementor-inner-column elementor-element elementor-element-e60d341\" data-id=\"e60d341\" data-element_type=\"column\" data-e-type=\"column\">\n\t\t\t<div class=\"elementor-widget-wrap elementor-element-populated\">\n\t\t\t\t\t\t<div class=\"elementor-element elementor-element-6bf74b8 elementor-widget elementor-widget-image\" data-id=\"6bf74b8\" data-element_type=\"widget\" data-e-type=\"widget\" data-widget_type=\"image.default\">\n\t\t\t\t<div class=\"elementor-widget-container\">\n\t\t\t\t\t\t\t\t\t\t\t\t\t\t\t<img decoding=\"async\" width=\"357\" height=\"196\" src=\"https:\/\/formacioncontinua.consejodecomunicacion.gob.ec\/wp-content\/uploads\/2025\/10\/logo_2026.png\" class=\"attachment-large size-large wp-image-2769\" alt=\"\" srcset=\"https:\/\/formacioncontinua.consejodecomunicacion.gob.ec\/wp-content\/uploads\/2025\/10\/logo_2026.png 357w, https:\/\/formacioncontinua.consejodecomunicacion.gob.ec\/wp-content\/uploads\/2025\/10\/logo_2026-300x165.png 300w\" sizes=\"(max-width: 357px) 100vw, 357px\" \/>\t\t\t\t\t\t\t\t\t\t\t\t\t\t\t<\/div>\n\t\t\t\t<\/div>\n\t\t\t\t<div class=\"elementor-element elementor-element-8c77493 elementor-widget elementor-widget-text-editor\" data-id=\"8c77493\" data-element_type=\"widget\" data-e-type=\"widget\" data-widget_type=\"text-editor.default\">\n\t\t\t\t<div class=\"elementor-widget-container\">\n\t\t\t\t\t\t\t\t\t<p style=\"text-align: center;\"><span style=\"color: #ffffff;\"><strong>Direcci\u00f3n:<\/strong> Av.10 de Agosto N34-566 Av. Rep\u00fablica y Juan Pablo Sanz, Quito.<\/span><span style=\"color: #ffffff;\"><strong> Tel\u00e9fono:<\/strong> 02-3938720<\/span><\/p>\t\t\t\t\t\t\t\t<\/div>\n\t\t\t\t<\/div>\n\t\t\t\t<div class=\"elementor-element elementor-element-6432cc2 elementor-shape-circle elementor-grid-5 e-grid-align-center elementor-widget elementor-widget-social-icons\" data-id=\"6432cc2\" data-element_type=\"widget\" data-e-type=\"widget\" data-widget_type=\"social-icons.default\">\n\t\t\t\t<div class=\"elementor-widget-container\">\n\t\t\t\t\t\t\t<div class=\"elementor-social-icons-wrapper elementor-grid\" role=\"list\">\n\t\t\t\t\t\t\t<span class=\"elementor-grid-item\" role=\"listitem\">\n\t\t\t\t\t<a class=\"elementor-icon elementor-social-icon elementor-social-icon-whatsapp elementor-repeater-item-6451ad9\" href=\"https:\/\/www.whatsapp.com\/channel\/0029VaEfWBC1dAw4DxDgrL1k\" target=\"_blank\">\n\t\t\t\t\t\t<span class=\"elementor-screen-only\">Whatsapp<\/span>\n\t\t\t\t\t\t<i aria-hidden=\"true\" class=\"fab fa-whatsapp\"><\/i>\t\t\t\t\t<\/a>\n\t\t\t\t<\/span>\n\t\t\t\t\t\t\t<span class=\"elementor-grid-item\" role=\"listitem\">\n\t\t\t\t\t<a class=\"elementor-icon elementor-social-icon elementor-social-icon-facebook elementor-repeater-item-3128759\" href=\"https:\/\/www.facebook.com\/ConsejoComEc\" target=\"_blank\">\n\t\t\t\t\t\t<span class=\"elementor-screen-only\">Facebook<\/span>\n\t\t\t\t\t\t<i aria-hidden=\"true\" class=\"fab fa-facebook\"><\/i>\t\t\t\t\t<\/a>\n\t\t\t\t<\/span>\n\t\t\t\t\t\t\t<span class=\"elementor-grid-item\" role=\"listitem\">\n\t\t\t\t\t<a class=\"elementor-icon elementor-social-icon elementor-social-icon-youtube elementor-repeater-item-352a9df\" href=\"https:\/\/www.youtube.com\/@plataformavirtualconsejo\" target=\"_blank\">\n\t\t\t\t\t\t<span class=\"elementor-screen-only\">Youtube<\/span>\n\t\t\t\t\t\t<i aria-hidden=\"true\" class=\"fab fa-youtube\"><\/i>\t\t\t\t\t<\/a>\n\t\t\t\t<\/span>\n\t\t\t\t\t\t\t<span class=\"elementor-grid-item\" role=\"listitem\">\n\t\t\t\t\t<a class=\"elementor-icon elementor-social-icon elementor-social-icon-tiktok elementor-repeater-item-3bcb2dc\" target=\"_blank\">\n\t\t\t\t\t\t<span class=\"elementor-screen-only\">Tiktok<\/span>\n\t\t\t\t\t\t<i aria-hidden=\"true\" class=\"fab fa-tiktok\"><\/i>\t\t\t\t\t<\/a>\n\t\t\t\t<\/span>\n\t\t\t\t\t<\/div>\n\t\t\t\t\t\t<\/div>\n\t\t\t\t<\/div>\n\t\t\t\t\t<\/div>\n\t\t<\/div>\n\t\t\t\t<div class=\"elementor-column elementor-col-33 elementor-inner-column elementor-element elementor-element-828a567\" data-id=\"828a567\" data-element_type=\"column\" data-e-type=\"column\">\n\t\t\t<div class=\"elementor-widget-wrap elementor-element-populated\">\n\t\t\t\t\t\t<div class=\"elementor-element elementor-element-11997eb elementor-widget elementor-widget-text-editor\" data-id=\"11997eb\" data-element_type=\"widget\" data-e-type=\"widget\" data-widget_type=\"text-editor.default\">\n\t\t\t\t<div class=\"elementor-widget-container\">\n\t\t\t\t\t\t\t\t\t<p style=\"text-align: right;\"><strong>ENLACES<\/strong><\/p>\t\t\t\t\t\t\t\t<\/div>\n\t\t\t\t<\/div>\n\t\t\t\t<div class=\"elementor-element elementor-element-bc6b3f6 elementor-widget elementor-widget-text-editor\" data-id=\"bc6b3f6\" data-element_type=\"widget\" data-e-type=\"widget\" data-widget_type=\"text-editor.default\">\n\t\t\t\t<div class=\"elementor-widget-container\">\n\t\t\t\t\t\t\t\t\t<p style=\"text-align: right;\"><span style=\"color: #ffffff;\"><a style=\"color: #ffffff;\" href=\"https:\/\/plataformavirtual.consejodecomunicacion.gob.ec\/login\/index.php\" target=\"_blank\" rel=\"noopener\">Ir a la plaforma<\/a><\/span><\/p><p style=\"text-align: right;\"><span style=\"color: #ffffff;\"><a style=\"color: #ffffff;\" href=\"https:\/\/formacioncontinua.consejodecomunicacion.gob.ec\/index.php\/registro\/\" target=\"_blank\" rel=\"noopener\">Reg\u00edstrate<\/a><\/span><\/p><p style=\"text-align: right;\"><span style=\"color: #ffffff;\"><a style=\"color: #ffffff;\" href=\"https:\/\/formacioncontinua.consejodecomunicacion.gob.ec\/#cursos_plataforma\" target=\"_blank\" rel=\"noopener\">Cursos virtuales<\/a><\/span><\/p><p style=\"text-align: right;\"><span style=\"color: #ffffff;\"><a style=\"color: #ffffff;\" href=\"https:\/\/formacioncontinua.consejodecomunicacion.gob.ec\/#asistenciastecnicas\">Asistencias t\u00e9cnicas<\/a><\/span><\/p><p style=\"text-align: right;\"><span style=\"color: #ffffff;\"><a style=\"color: #ffffff;\" href=\"https:\/\/formacioncontinua.consejodecomunicacion.gob.ec\/index.php\/registro\/#calendariocursos\" target=\"_blank\" rel=\"noopener\">Calendario<\/a><\/span><\/p><p style=\"text-align: right;\"><span style=\"color: #ffffff;\"><a style=\"color: #ffffff;\" href=\"https:\/\/formacioncontinua.consejodecomunicacion.gob.ec\/index.php\/preguntas-frecuentes\/\" target=\"_blank\" rel=\"noopener\">Preguntas frecuentes<\/a><\/span><\/p>\t\t\t\t\t\t\t\t<\/div>\n\t\t\t\t<\/div>\n\t\t\t\t\t<\/div>\n\t\t<\/div>\n\t\t\t\t<div class=\"elementor-column elementor-col-33 elementor-inner-column elementor-element elementor-element-e2ee261\" data-id=\"e2ee261\" data-element_type=\"column\" data-e-type=\"column\">\n\t\t\t<div class=\"elementor-widget-wrap elementor-element-populated\">\n\t\t\t\t\t\t<div class=\"elementor-element elementor-element-b38fc41 elementor-widget elementor-widget-text-editor\" data-id=\"b38fc41\" data-element_type=\"widget\" data-e-type=\"widget\" data-widget_type=\"text-editor.default\">\n\t\t\t\t<div class=\"elementor-widget-container\">\n\t\t\t\t\t\t\t\t\t<p style=\"text-align: right;\"><strong>CONSEJO<\/strong><\/p>\t\t\t\t\t\t\t\t<\/div>\n\t\t\t\t<\/div>\n\t\t\t\t<div class=\"elementor-element elementor-element-c8ce05f elementor-widget elementor-widget-text-editor\" data-id=\"c8ce05f\" data-element_type=\"widget\" data-e-type=\"widget\" data-widget_type=\"text-editor.default\">\n\t\t\t\t<div class=\"elementor-widget-container\">\n\t\t\t\t\t\t\t\t\t<p style=\"text-align: right;\"><span style=\"color: #ffffff;\"><a style=\"color: #ffffff;\" href=\"https:\/\/www.consejodecomunicacion.gob.ec\/\" target=\"_blank\" rel=\"noopener\">Consejo de Comunicaci\u00f3n<\/a><\/span><\/p><p style=\"text-align: right;\"><span style=\"color: #ffffff;\"><a style=\"color: #ffffff;\" href=\"https:\/\/repositorio.consejodecomunicacion.gob.ec\/\" target=\"_blank\" rel=\"noopener\">Repositorio digital<\/a><\/span><\/p><p style=\"text-align: right;\"><a href=\"https:\/\/www.consejodecomunicacion.gob.ec\/visor-de-alertas\/\" target=\"_blank\" rel=\"noopener\"><span style=\"color: #ffffff;\">Visor de alertas<\/span><\/a><\/p><p style=\"text-align: right;\"><span style=\"color: #ffffff;\"><a style=\"color: #ffffff;\" href=\"https:\/\/www.consejodecomunicacion.gob.ec\/servicios\/rpm\/\" target=\"_blank\" rel=\"noopener\">Registro p\u00fablico de medios<\/a><\/span><\/p><p style=\"text-align: right;\"><span style=\"color: #ffffff;\"><a style=\"color: #ffffff;\" href=\"https:\/\/revista.consejodecomunicacion.gob.ec\/index.php\/rec\" target=\"_blank\" rel=\"noopener\">Revista enfoques<\/a><\/span><\/p>\t\t\t\t\t\t\t\t<\/div>\n\t\t\t\t<\/div>\n\t\t\t\t\t<\/div>\n\t\t<\/div>\n\t\t\t\t\t<\/div>\n\t\t<\/section>\n\t\t\t\t<div class=\"elementor-element elementor-element-2095d99 elementor-widget elementor-widget-spacer\" data-id=\"2095d99\" data-element_type=\"widget\" data-e-type=\"widget\" data-widget_type=\"spacer.default\">\n\t\t\t\t<div class=\"elementor-widget-container\">\n\t\t\t\t\t\t\t<div class=\"elementor-spacer\">\n\t\t\t<div class=\"elementor-spacer-inner\"><\/div>\n\t\t<\/div>\n\t\t\t\t\t\t<\/div>\n\t\t\t\t<\/div>\n\t\t\t\t<div class=\"elementor-element elementor-element-5db4e9e elementor-widget elementor-widget-spacer\" data-id=\"5db4e9e\" data-element_type=\"widget\" data-e-type=\"widget\" data-widget_type=\"spacer.default\">\n\t\t\t\t<div class=\"elementor-widget-container\">\n\t\t\t\t\t\t\t<div class=\"elementor-spacer\">\n\t\t\t<div class=\"elementor-spacer-inner\"><\/div>\n\t\t<\/div>\n\t\t\t\t\t\t<\/div>\n\t\t\t\t<\/div>\n\t\t\t\t\t<\/div>\n\t\t<\/div>\n\t\t\t\t\t<\/div>\n\t\t<\/section>\n\t\t\t\t<\/div>\n\t\t","protected":false},"excerpt":{"rendered":"<p>Ir a la plataforma Formulario de registro Antes de registrarte, verifica las fechas importantes Revisa el periodo de inscripci\u00f3n: Aseg\u00farate de que las inscripciones para el curso de tu inter\u00e9s est\u00e9n abiertas antes de registrarte. Fechas de inicio del curso: La fecha de inicio de cada curso se mostrar\u00e1 durante el proceso de registro. Esta &hellip;<\/p>\n<p class=\"read-more\"> <a class=\"\" href=\"https:\/\/formacioncontinua.consejodecomunicacion.gob.ec\/index.php\/registro\/\"> <span class=\"screen-reader-text\">Registro<\/span> Leer m\u00e1s &raquo;<\/a><\/p>\n","protected":false},"author":1,"featured_media":0,"parent":0,"menu_order":0,"comment_status":"closed","ping_status":"closed","template":"","meta":{"site-sidebar-layout":"no-sidebar","site-content-layout":"page-builder","ast-global-header-display":"","ast-main-header-display":"","ast-hfb-above-header-display":"","ast-hfb-below-header-display":"","ast-hfb-mobile-header-display":"","site-post-title":"disabled","ast-breadcrumbs-content":"","ast-featured-img":"disabled","footer-sml-layout":"","theme-transparent-header-meta":"","adv-header-id-meta":"","stick-header-meta":"","header-above-stick-meta":"","header-main-stick-meta":"","header-below-stick-meta":"","footnotes":""},"class_list":["post-157","page","type-page","status-publish","hentry"],"_links":{"self":[{"href":"https:\/\/formacioncontinua.consejodecomunicacion.gob.ec\/index.php\/wp-json\/wp\/v2\/pages\/157","targetHints":{"allow":["GET"]}}],"collection":[{"href":"https:\/\/formacioncontinua.consejodecomunicacion.gob.ec\/index.php\/wp-json\/wp\/v2\/pages"}],"about":[{"href":"https:\/\/formacioncontinua.consejodecomunicacion.gob.ec\/index.php\/wp-json\/wp\/v2\/types\/page"}],"author":[{"embeddable":true,"href":"https:\/\/formacioncontinua.consejodecomunicacion.gob.ec\/index.php\/wp-json\/wp\/v2\/users\/1"}],"replies":[{"embeddable":true,"href":"https:\/\/formacioncontinua.consejodecomunicacion.gob.ec\/index.php\/wp-json\/wp\/v2\/comments?post=157"}],"version-history":[{"count":142,"href":"https:\/\/formacioncontinua.consejodecomunicacion.gob.ec\/index.php\/wp-json\/wp\/v2\/pages\/157\/revisions"}],"predecessor-version":[{"id":2917,"href":"https:\/\/formacioncontinua.consejodecomunicacion.gob.ec\/index.php\/wp-json\/wp\/v2\/pages\/157\/revisions\/2917"}],"wp:attachment":[{"href":"https:\/\/formacioncontinua.consejodecomunicacion.gob.ec\/index.php\/wp-json\/wp\/v2\/media?parent=157"}],"curies":[{"name":"wp","href":"https:\/\/api.w.org\/{rel}","templated":true}]}}